{"id":1422,"date":"2024-05-18T19:44:09","date_gmt":"2024-05-18T18:44:09","guid":{"rendered":"https:\/\/renebote.de\/?page_id=1422"},"modified":"2024-05-18T19:44:09","modified_gmt":"2024-05-18T18:44:09","slug":"archiv-2022","status":"publish","type":"page","link":"https:\/\/renebote.de\/?page_id=1422","title":{"rendered":"Archiv 2022"},"content":{"rendered":"\n<p class=\"justifyText\">\nUm die Startseite nicht zu \u00fcberfrachten und \u00e4ltere Beitr\u00e4ge leichter auffindbar zu machen, richte ich jahresweise Archiv-Seiten ein. Auf dieser Seite findest Du die Beitr\u00e4ge aus dem Jahr 2022.\n<\/p>\n\n\n<ul class=\"wp-block-latest-posts__list has-dates wp-block-latest-posts\"><li><a class=\"wp-block-latest-posts__post-title\" href=\"https:\/\/renebote.de\/?p=1420\">Flucht vor dem Feuerwerk<\/a><time datetime=\"2022-12-31T19:39:00+01:00\" class=\"wp-block-latest-posts__post-date\">31. Dezember 2022<\/time><div class=\"wp-block-latest-posts__post-full-content\"><!-- wp:html -->\n<p class=\"justifyText\">\n<a href=\"https:\/\/renebote.de\/?page_id=82\">\n<img decoding=\"async\" class=\"blogIllustration\" src=\"https:\/\/renebote.de\/wp-content\/uploads\/2024\/01\/Covervorschau-Stilles-Silvester-fuer-Sammy.webp\">\n<\/a>\nZum Jahresabschluss habe ich noch einmal eine kleine Geschichte f\u00fcr euch. Wer selbst keinen rechten Vertrag mit Silvester oder Haustiere hat, die unter dem L\u00e4rm leiden, wird sich vermutlich darin wiederfinden.<br \/><br \/>\nKommt gut ins neue Jahr!\n<\/p>\n<!-- \/wp:html --><\/div><\/li>\n<li><a class=\"wp-block-latest-posts__post-title\" href=\"https:\/\/renebote.de\/?p=1425\">Etwas Weihnachtliches zum Mitraten<\/a><time datetime=\"2022-12-13T13:02:00+01:00\" class=\"wp-block-latest-posts__post-date\">13. Dezember 2022<\/time><div class=\"wp-block-latest-posts__post-full-content\"><!-- wp:html -->\n<p class=\"justifyText\">\n<a href=\"https:\/\/renebote.de\/?page_id=274\">\n<img decoding=\"async\" class=\"blogIllustration\" src=\"https:\/\/renebote.de\/wp-content\/uploads\/2024\/02\/Covervorschau-Rache-auf-dem-Weihnachtsmarkt.webp\">\n<\/a>\nVor knapp drei\u00adeinhalb Jahren habe ich mich zum ersten Mal an einem Rate\u00adkrimi versucht. Vor\u00adgestern kam mir spontan die Idee zu einer zweiten Ge\u00adschichte um die beiden unfreiwilligen Junior\u00addetek\u00adtivinnen Anette und Feli\u00adcitas, die die Cou\u00adsinen diesmal bei einem Bummel \u00fcber den Weih\u00adnachts\u00admarkt ereilt. Ge\u00adschrieben war die Ge\u00adschichte fix, sie ist auch nicht sehr lang, aber wer Lust auf ein unter\u00adhalt\u00adsames Viertel\u00adst\u00fcndchen mit etwas Knobelei hat &#8230;\n<\/p>\n<!-- \/wp:html --><\/div><\/li>\n<li><a class=\"wp-block-latest-posts__post-title\" href=\"https:\/\/renebote.de\/?p=1428\">Ein Konflikt, wie er an jeder Schule passieren k\u00f6nnte<\/a><time datetime=\"2022-12-12T13:10:00+01:00\" class=\"wp-block-latest-posts__post-date\">12. Dezember 2022<\/time><div class=\"wp-block-latest-posts__post-full-content\"><!-- wp:html -->\n<p class=\"justifyText\">\n<a href=\"https:\/\/renebote.de\/?page_id=937\">\n<img decoding=\"async\" class=\"blogIllustration\" src=\"https:\/\/renebote.de\/wp-content\/uploads\/2024\/04\/Covervorschau-Diebstahl-im-Schulkiosk.webp\">\n<\/a>\nEigent\u00adlich sollte man keinen Streit mit\u00adnehmen ins neue Jahr. Trotzdem erlaube ich mir, 2023 mit einer Geschichte um einen typischen Schul\u00adkonflikt zu beginnen: Aus der Kasse eines Kiosk&#8216;, den die Sch\u00fclerinnen und Sch\u00fcler in Eigen\u00adregie f\u00fchren, ver\u00adschwindet Geld, und die Elft\u00adkl\u00e4sslerin, die die Verant\u00adwortung tr\u00e4gt, ist mit der Situation v\u00f6llig \u00fcber\u00adfordert. Dagegen anzu\u00adkommen, ist fast ein Ding der Unm\u00f6g\u00adlich\u00adkeit, und ohne ihre Freun\u00addinnen h\u00e4tte die zu Unrecht Ver\u00add\u00e4chtigte wohl auf\u00adgegeben.<br \/><br \/>\n<i>Dieb\u00adstahl im Schul\u00adkiosk<\/i> erscheint am 7. Januar 2023 als E-Book.\n<\/p>\n<!-- \/wp:html --><\/div><\/li>\n<li><a class=\"wp-block-latest-posts__post-title\" href=\"https:\/\/renebote.de\/?p=1430\">Aus dem Adventskalender 2021: Was es braucht f\u00fcr Weihnachtsstimmung<\/a><time datetime=\"2022-12-10T13:17:00+01:00\" class=\"wp-block-latest-posts__post-date\">10. Dezember 2022<\/time><div class=\"wp-block-latest-posts__post-full-content\"><!-- wp:html -->\n<p class=\"justifyText\">\n<a href=\"https:\/\/renebote.de\/?page_id=271\">\n<img decoding=\"async\" class=\"blogIllustration\" src=\"https:\/\/renebote.de\/wp-content\/uploads\/2024\/02\/Covervorschau-Das-Weihnachtspulver.webp\">\n<\/a>\n<i>Das Weihnachts\u00adpulver<\/i> war die erste Ge\u00adschichte, die ich letztes Jahr f\u00fcr die Advents\u00adkalender in den Foren B\u00fccher\u00adeule und B\u00fccher\u00adtreff ge\u00adschrieben habe. Sie ist ein bisschen aus der Welt gefallen, besser gesagt spielt dort eine Welt neben der uns bekannten eine ge\u00adwichtige Rolle.\n<\/p>\n<!-- \/wp:html --><\/div><\/li>\n<li><a class=\"wp-block-latest-posts__post-title\" href=\"https:\/\/renebote.de\/?p=1432\">Wenn die Familiengeschichte neu geschrieben werden muss<\/a><time datetime=\"2022-12-08T13:36:00+01:00\" class=\"wp-block-latest-posts__post-date\">08. Dezember 2022<\/time><div class=\"wp-block-latest-posts__post-full-content\"><!-- wp:html -->\n<p class=\"justifyText\">\n<a href=\"https:\/\/renebote.de\/?page_id=928\">\n<img decoding=\"async\" class=\"blogIllustration\" src=\"https:\/\/renebote.de\/wp-content\/uploads\/2024\/04\/Covervorschau-Marnie-und-das-zweite-Kind.webp\">\n<\/a>\nKurz vor Weih\u00adnachten gibt es noch einmal ein neues E-Book: <i>Marnie und das zweite Kind<\/i>. F\u00fcr die Titel\u00adheldin war die Familie bislang eine klare Sache \u2013 ihre Mutter, ihr Vater und sie. Mehr nicht. Doch ein altes Foto enth\u00fcllt etwas, das ihre gesamte Familien\u00adgeschichte auf den Kopf stellen k\u00f6nnte. Deshalb ist Marnie anfangs auch gar nicht so sicher, ob sie der Sache \u00fcber\u00adhaupt nach\u00adgehen will, doch gegen die Neugier ihrer besten Freundin ist kein Kraut ge\u00adwachsen.<br \/><br \/>\nWas Marnie und ihre Freundin Liliana erleben, wartet ab dem 17. Dezember \u00fcber\u00adall, wo es E-Books gibt, auf neu\u00adgierige Leser.\n<\/p>\n<!-- \/wp:html --><\/div><\/li>\n<li><a class=\"wp-block-latest-posts__post-title\" href=\"https:\/\/renebote.de\/?p=1434\">Aus dem Adventskalender 2021: Geld oder Gut?<\/a><time datetime=\"2022-12-04T14:05:00+01:00\" class=\"wp-block-latest-posts__post-date\">04. Dezember 2022<\/time><div class=\"wp-block-latest-posts__post-full-content\"><!-- wp:html -->\n<p class=\"justifyText\">\n<a href=\"https:\/\/renebote.de\/?page_id=268\">\n<img decoding=\"async\" class=\"blogIllustration\" src=\"https:\/\/renebote.de\/wp-content\/uploads\/2024\/02\/Covervorschau-Wie-man-Frohe-Weihnachten-verkauft.webp\">\n<\/a>\nDie Situation war mir irgendwie nicht neu: Auch 2021 gab es Anfang Dezember noch ein paar L\u00fccken bei den Adventskalendern im B\u00fcchertreff und bei der B\u00fcchereule. Also habe ich abermals kurzfristig noch eine zweite Geschichte geschrieben, die sich mit der Frage befasst, ob und wenn ja welche Grunds\u00e4tze ein Mensch f\u00fcr Geld \u00fcber Bord zu werfen bereit ist.<br \/><br \/>\nAuch in diesem Jahr gibt es in beiden Foren wieder einen Adventskalender, den die Mitglieder mit ihren Beitr\u00e4gen gestalten. Mein Beitrag ist wieder eine kurze weihnachtliche Geschichte, die am 17. Dezember Premiere feiern wird.\n<\/p>\n<!-- \/wp:html --><\/div><\/li>\n<li><a class=\"wp-block-latest-posts__post-title\" href=\"https:\/\/renebote.de\/?p=1436\">Schreibwettbewerb: M\u00e4rchen<\/a><time datetime=\"2022-11-19T15:50:00+01:00\" class=\"wp-block-latest-posts__post-date\">19. November 2022<\/time><div class=\"wp-block-latest-posts__post-full-content\"><!-- wp:html -->\n<p class=\"justifyText\">\n<a href=\"https:\/\/renebote.de\/?page_id=1315\">\n<img decoding=\"async\" class=\"blogIllustration\" src=\"https:\/\/renebote.de\/wp-content\/uploads\/2024\/05\/Logo-Wettbewerbsbeitraege.png\">\n<\/a>\nDer Herbst-Schreibwettbewerb bei der B\u00fcchereule ist zu Ende. Als Thema war diesmal &#8222;M\u00e4rchen&#8220; vorgegeben. Mein Beitrag befindet sich nun auf der Seite mit den <a href=\"https:\/\/renebote.de\/?page_id=1315\">Wettbewerbsbeitr\u00e4gen<\/a>.\n<\/p>\n<!-- \/wp:html --><\/div><\/li>\n<li><a class=\"wp-block-latest-posts__post-title\" href=\"https:\/\/renebote.de\/?p=1438\">Wie man jemandem den Spuk austreibt<\/a><time datetime=\"2022-09-17T17:04:00+01:00\" class=\"wp-block-latest-posts__post-date\">17. September 2022<\/time><div class=\"wp-block-latest-posts__post-full-content\"><!-- wp:html -->\n<p class=\"justifyText\">\n<a href=\"https:\/\/renebote.de\/?page_id=925\">\n<img decoding=\"async\" class=\"blogIllustration\" src=\"https:\/\/renebote.de\/wp-content\/uploads\/2024\/04\/Covervorschau-Ein-Geist-ist-kein-Gespenst.webp\">\n<\/a>\nWas tun, wenn ein Klassen\u00adkamerad st\u00e4ndig verlacht wird, weil er an Ge\u00adspenster glaubt? Sicher ist, die anderen werden nicht auf\u00adh\u00f6ren, so lange Ludwig jedes Mal auf ihre Spr\u00fcche anspringt. Also bleibt nur eins: Ludwig darf ihnen keine Angriffs\u00adfl\u00e4che mehr bieten. Von sich aus wird er sich jedoch nicht \u00e4ndern, also be\u00adschlie\u00dft Camille, genervt von den st\u00e4ndigen Diskus\u00adsionen, nachzu\u00adhelfen. Doch dabei klebt ihr das Pech an den Fersen, als ob irgend\u00adwas nicht wollte, dass ihr Plan Erfolg hat &#8230;<br \/><br \/>\n<i>Ein Geist ist kein Gespenst<\/i> ist eine Mischung aus Aben\u00adteuer-, Freund\u00adschafts- und einem Hauch Spuk\u00adgeschichte. Das E-Book er\u00adscheint am 17. Oktober.\n<\/p>\n<!-- \/wp:html --><\/div><\/li>\n<li><a class=\"wp-block-latest-posts__post-title\" href=\"https:\/\/renebote.de\/?p=1440\">Schreibwettbewerb: Angst<\/a><time datetime=\"2022-09-03T18:13:00+01:00\" class=\"wp-block-latest-posts__post-date\">03. September 2022<\/time><div class=\"wp-block-latest-posts__post-full-content\"><!-- wp:html -->\n<p class=\"justifyText\">\n<a href=\"https:\/\/renebote.de\/?page_id=1315\">\n<img decoding=\"async\" class=\"blogIllustration\" src=\"https:\/\/renebote.de\/wp-content\/uploads\/2024\/05\/Logo-Wettbewerbsbeitraege.png\">\n<\/a>\nDer Sommer-Schreibwettbewerb bei der B\u00fcchereule ist zu Ende. Damit kann ich meinen Beitrag zum Thema &#8222;Angst&#8220; hier ver\u00f6ffentlichen. Er ist zu finden bei den anderen <a href=\"https:\/\/renebote.de\/?page_id=1315\">Wettbewerbsbeitr\u00e4gen<\/a>.\n<\/p>\n<!-- \/wp:html --><\/div><\/li>\n<li><a class=\"wp-block-latest-posts__post-title\" href=\"https:\/\/renebote.de\/?p=1442\">Geheimnisvolle Einladung<\/a><time datetime=\"2022-08-27T19:25:00+01:00\" class=\"wp-block-latest-posts__post-date\">27. August 2022<\/time><div class=\"wp-block-latest-posts__post-full-content\"><!-- wp:html -->\n<p class=\"justifyText\">\n<a href=\"https:\/\/renebote.de\/?page_id=265\">\n<img decoding=\"async\" class=\"blogIllustration\" src=\"https:\/\/renebote.de\/wp-content\/uploads\/2024\/02\/Covervorschau-Mitternacht-an-der-Kreuzung-auf-dem-See.webp\">\n<\/a>\nEin n\u00e4chtliches Treffen auf dem See vor der Stadt? Diese Einladung kann eigentlich nur von einem kommen, denn Niklas und Elvir stellen sich immer wieder gegenseitig vor Herausforderungen. Doch nicht immer ist alles, wie es scheint &#8230;<br \/><br \/>\n<i>Mitternacht, an der Kreuzung auf dem See!<\/i> ist eine kostenlose Kurzgeschichte, die komplett hier auf der Website gelesen werden kann.\n<\/p>\n<!-- \/wp:html --><\/div><\/li>\n<li><a class=\"wp-block-latest-posts__post-title\" href=\"https:\/\/renebote.de\/?p=1444\">Romantische Sommerferien<\/a><time datetime=\"2022-07-30T20:05:00+01:00\" class=\"wp-block-latest-posts__post-date\">30. Juli 2022<\/time><div class=\"wp-block-latest-posts__post-full-content\"><!-- wp:html -->\n<p class=\"justifyText\">\n<a href=\"https:\/\/renebote.de\/?page_id=922\">\n<img decoding=\"async\" class=\"blogIllustration\" src=\"https:\/\/renebote.de\/wp-content\/uploads\/2024\/04\/Covervorschau-Gutschein-fuer-dein-Herz.webp\">\n<\/a>\nJonathan kann sich etwas Besseres vorstellen f\u00fcr die Sommerferien, als allein zur\u00fcckzubleiben, w\u00e4hrend alle Freunde auf Achse sind. Hannah kann sich etwas Besseres vorstellen, als zu Hause abzuh\u00e4ngen, w\u00e4hrend ihre Freundinnen verreist sind. Was liegt n\u00e4her, als sich zusammenzutun und gemeinsam die Umgebung aufzurollen? Schlie\u00dflich gibt es auch in der N\u00e4he genug zu erleben, und die Eltern unterst\u00fctzen ihre Ausfl\u00fcge mit Ideen und vielen Freiheiten. Aber es gibt da ein Problem: Jonathan wei\u00df nicht, was Hannah in ihm sieht, und er schafft es nicht, aus dem, was sie sagt und macht, eine Antwort herauszulesen.<br \/><br \/>\n<i>Gutschein f\u00fcr dein Herz<\/i> ist eine romantische Sommergeschichte. Sie wird, was in diesem Genre meines Wissens nicht unbedingt \u00fcblich ist, aus der Perpektive des Jungen geschildert. Das E-Book erscheint am 8. August.\n<\/p>\n<!-- \/wp:html --><\/div><\/li>\n<li><a class=\"wp-block-latest-posts__post-title\" href=\"https:\/\/renebote.de\/?p=1446\">Wer kommt mit zum Minigolf?<\/a><time datetime=\"2022-06-27T20:07:00+01:00\" class=\"wp-block-latest-posts__post-date\">27. Juni 2022<\/time><div class=\"wp-block-latest-posts__post-full-content\"><!-- wp:html -->\n<p class=\"justifyText\">\n<a href=\"https:\/\/renebote.de\/?page_id=919\">\n<img decoding=\"async\" class=\"blogIllustration\" src=\"https:\/\/renebote.de\/wp-content\/uploads\/2024\/04\/Covervorschau-Ein-Ass-fuer-Verena.webp\">\n<\/a>\n<i>Ein Ass f\u00fcr Verena<\/i> erz\u00e4hlt in 18 L\u00f6chern \u2013 sprich: Kapiteln \u2013 eine Geschichte von einem Wettbewerb, den man nicht so bierernst nehmen sollte, und von Lospech, das am Ende vielleicht doch gar nicht so schlecht ist. Etwas sportliche Bet\u00e4tigung, ein wenig Reiberei und ein guter Schuss Romantik sind die Zutaten f\u00fcr diese Erz\u00e4hlung.<br \/><br \/>\nDie Geschichte erscheint am 5. Juli als E-Book.\n<\/p>\n<!-- \/wp:html --><\/div><\/li>\n<li><a class=\"wp-block-latest-posts__post-title\" href=\"https:\/\/renebote.de\/?p=1448\">Ein kleiner Ausflug in die Welt des Fernsehens<\/a><time datetime=\"2022-06-21T20:19:00+01:00\" class=\"wp-block-latest-posts__post-date\">21. Juni 2022<\/time><div class=\"wp-block-latest-posts__post-full-content\"><!-- wp:html -->\n<p class=\"justifyText\">\n<a href=\"https:\/\/renebote.de\/?page_id=916\">\n<img decoding=\"async\" class=\"blogIllustration\" src=\"https:\/\/renebote.de\/wp-content\/uploads\/2024\/04\/Covervorschau-Durchgestochen.webp\">\n<\/a>\nMit <i>Durch\u00adgestochen<\/i> ent\u00adf\u00fchre ich den Leser in die Welt der Jugend\u00adfernseh\u00adserie <i>2. Stock links<\/i>. Dort finden Aben\u00adteuer nicht nur vor der Kamera statt, auch hinter den Kulissen geht es hoch her. Vor allem dringt viel zu viel nach au\u00dfen, und Rabea, die Tochter des Casting Directors, wei\u00df nur: Sie war es nicht, und ihr Vater auch nicht. Aber weil sonst keiner daran inter\u00adessiert zu sein scheint, die Wahr\u00adheit heraus\u00adzu\u00adfinden, beginnt sie selbst zu er\u00admitteln, zusam\u00admen mit Haupt\u00addar\u00adstellerin Malenka, mit der sie gut be\u00adfreundet ist.<br \/><br \/>\nDas E-Book er\u00adscheint am 27. Juni. Bei einigen Shops kann bereits vor\u00adbe\u00adstellt werden.\n<\/p>\n<!-- \/wp:html --><\/div><\/li>\n<li><a class=\"wp-block-latest-posts__post-title\" href=\"https:\/\/renebote.de\/?p=1450\">Neue Anlaufstellen im Netz<\/a><time datetime=\"2022-06-06T20:22:00+01:00\" class=\"wp-block-latest-posts__post-date\">06. Juni 2022<\/time><div class=\"wp-block-latest-posts__post-full-content\"><!-- wp:html -->\n<p class=\"justifyText\">\nIn den letzten Tagen habe ich einige Umbauten an meinen Internetauftritten abseits dieser Website vorgenommen und dabei auch zus\u00e4tzliche Anlaufstellen eingerichtet.\n<ul>\n    <li>Meine Facebook-Seite hat endlich einen eigenen Seitennamen bekommen. Ich bin dort jetzt unter dem Namen <a href=\"https:\/\/www.facebook.com\/Rene.Bote.Jugendbuecher\/\">Rene.Bote.Jugendbuecher<\/a> zu finden.<\/li>\n    <li>Zus\u00e4tzlich habe ich begonnen, einen Instagram-Kanal aufzubauen. Der ist unter dem Benutzernamen <a href=\"https:\/\/www.instagram.com\/rene.bote\/\">Ren\u00e9 Bote (@rene.bote)<\/a> zu finden.<\/li>\n    <li>Auf der Suche nach Alternativen f\u00fcr die im M\u00e4rz eingestellte Plattform Sweek, auf der ich meinen Kurzgeschichten einen zus\u00e4tzlichen Platz neben dem hier auf der Website geben kann, habe ich mich entschlossen, einen Versuch bei <a href=\"https:\/\/www.wattpad.com\/user\/ReneBote\">Wattpad<\/a> zu starten. Dort sind allerdings noch lange nicht alle Geschichten online, das werde ich nach und nach einpflegen, falls sich die Plattform nicht doch als ungeeignet herausstellt.<\/li>\n<\/ul>\n<\/p>\n<!-- \/wp:html --><\/div><\/li>\n<li><a class=\"wp-block-latest-posts__post-title\" href=\"https:\/\/renebote.de\/?p=1454\">Im Abgang bitter<\/a><time datetime=\"2022-05-20T18:42:00+01:00\" class=\"wp-block-latest-posts__post-date\">20. Mai 2022<\/time><div class=\"wp-block-latest-posts__post-full-content\"><!-- wp:html -->\n<p class=\"justifyText\">\n<a href=\"https:\/\/renebote.de\/?page_id=1315\">\n<img decoding=\"async\" class=\"blogIllustration\" src=\"https:\/\/renebote.de\/wp-content\/uploads\/2024\/05\/Logo-Wettbewerbsbeitraege.png\">\n<\/a>\nAm 15. Mai ging der Fr\u00fchjahrs-Schreibwettbewerb bei der B\u00fcchereule zu Ende. Das vorgegebene Thema war diesmal <i>Punkte<\/i>. Mein Beitrag besch\u00e4ftigt sich mit der ber\u00fchmten Frage: &#8222;Sammeln Sie Punkte?&#8220;, und wirft ein Schlaglicht darauf, dass die ausgelobten Pr\u00e4mien manchmal einen Haken haben. Wegen einiger R\u00fcckfragen, wie es zu dem kommen konnte, was in der Geschichte passiert ist, habe ich in einer Mittagspause spontan einen kleinen Prolog geschrieben.\n<\/p>\n<!-- \/wp:html --><\/div><\/li>\n<li><a class=\"wp-block-latest-posts__post-title\" href=\"https:\/\/renebote.de\/?p=1456\">R\u00e4tselhafter \u00dcberfall<\/a><time datetime=\"2022-05-13T18:51:00+01:00\" class=\"wp-block-latest-posts__post-date\">13. Mai 2022<\/time><div class=\"wp-block-latest-posts__post-full-content\"><!-- wp:html -->\n<p class=\"justifyText\">\n<a href=\"https:\/\/renebote.de\/?page_id=914\">\n<img decoding=\"async\" class=\"blogIllustration\" src=\"https:\/\/renebote.de\/wp-content\/uploads\/2024\/04\/Covervorschau-Starke-Diebe-schwache-Beute.webp\">\n<\/a>\nFlohmarkt? Ein bisschen altes Spielzeug verkaufen, abgelegte Kleidung und Hausrat, der in der Patchwork-Familie doppelt vorhanden ist? Eigentlich keine gro\u00dfe Sache, auch wenn die Stiefgeschwister Alba und Alexander das zum ersten Mal machen. Dass jemand etwas von ihrem alten Kram so dringend haben will, dass er sie nicht mal bis zum Marktplatz kommen l\u00e4sst, haben sie allerdings nicht erwartet. Das ist keine sehr angenehme Erfahrung f\u00fcr Alba und Alexander, und je l\u00e4nger sie dar\u00fcber nachdenken, desto r\u00e4tselhafter wird das alles f\u00fcr sie.<br \/><br \/>\n<i>Starke Diebe, schwache Beute<\/i> erscheint am 23. Mai als E-Book.\n<\/p>\n<!-- \/wp:html --><\/div><\/li>\n<li><a class=\"wp-block-latest-posts__post-title\" href=\"https:\/\/renebote.de\/?p=1458\">Ein Kindergeburtstag ist nichts f\u00fcr Anf\u00e4nger<\/a><time datetime=\"2022-04-17T19:00:00+01:00\" class=\"wp-block-latest-posts__post-date\">17. April 2022<\/time><div class=\"wp-block-latest-posts__post-full-content\"><!-- wp:html -->\n<p class=\"justifyText\">\n<a href=\"https:\/\/renebote.de\/?page_id=911\">\n<img decoding=\"async\" class=\"blogIllustration\" src=\"https:\/\/renebote.de\/wp-content\/uploads\/2024\/04\/Covervorschau-Der-Cache-von-nebenan.webp\">\n<\/a>\nEin Kinder\u00adgeburts\u00adtag ist mit einer Menge Arbeit verbunden \u2013 nicht unbe\u00addingt f\u00fcr die Kinder, wohl aber f\u00fcr die Eltern, die alles vor\u00adbereiten und ein Auge darauf haben, dass nichts aus dem Ruder l\u00e4uft. Sanne, mit ihren f\u00fcnf\u00adzehn Jahren dem Alter f\u00fcr Kinder\u00adgeburts\u00adtage auch noch nicht so lange ent\u00adwachsen, hatte damit bislang nur am Rande zu tun. Dass sie ihrer Mutter hilft, die Feier f\u00fcr ihren j\u00fcngeren Bruder Kasper vorzu\u00adbereiten, war aus\u00adgemachte Sache, doch dass sie die ganze Ver\u00adant\u00adwortung \u00fcber\u00adnehmen muss, war nicht vorge\u00adsehen. Ein Unfall zwingt ihre Mutter, stillzu\u00adhalten; das Einzige, was sie tun kann, ist, Sanne jemanden zu besorgen, der sie unter\u00adst\u00fctzt. Der Spiel\u00adkamerad aus Kinder\u00adgarten\u00adzeiten, der gleich nebenan wohnt, w\u00e4re Sanne bestimmt nicht einge\u00adfallen, aber sie stellt fest, dass ihre Mutter keine so schlechte Wahl getroffen hat.<br \/><br \/>\n<i>Der Cache von nebenan<\/i> erscheint am 1. Mai als E-Book.\n<\/p>\n<!-- \/wp:html --><\/div><\/li>\n<li><a class=\"wp-block-latest-posts__post-title\" href=\"https:\/\/renebote.de\/?p=1460\">Freund oder Feind? Was denn nun?<\/a><time datetime=\"2022-03-05T19:04:00+01:00\" class=\"wp-block-latest-posts__post-date\">05. M\u00e4rz 2022<\/time><div class=\"wp-block-latest-posts__post-full-content\"><!-- wp:html -->\n<p class=\"justifyText\">\n<a href=\"https:\/\/renebote.de\/?page_id=907\">\n<img decoding=\"async\" class=\"blogIllustration\" src=\"https:\/\/renebote.de\/wp-content\/uploads\/2024\/04\/Covervorschau-Protzbunker.webp\">\n<\/a>\nNach dem Umzug l\u00e4sst sich der Neustart f\u00fcr Lieven gut an. Er findet schnell Freunde in der Klasse, vor allem mit Mike, der wie er Keyboard spielt, versteht er sich auf Anhieb. Und dann ist da auch noch Lienne, sie gef\u00e4llt Lieven auf den ersten Blick, und die Sache scheint auch nicht v\u00f6llig aussichtslos zu sein.\nDoch dann verkehrt sich die Lage ins Gegenteil: Mike versetzt Lieven und weicht jedem Versuch aus, wenigstens in Erfahrung zu bringen, was los ist. Selbst die Freunde, die ihn schon lange kennen, werden nicht mehr schlau aus ihm. Dass Lienne offenbar doch schon einen Freund hat, macht es auch nicht besser.<br \/><br \/>\nLievens Geschichte erscheint am 12. M\u00e4rz als E-Book. Bei einigen Shops kann bereits vorbestellt werden.\n<\/p>\n<!-- \/wp:html --><\/div><\/li>\n<li><a class=\"wp-block-latest-posts__post-title\" href=\"https:\/\/renebote.de\/?p=1462\">-8\u00b0 &#8211; Drinnen sitzen trotzdem nicht erw\u00fcnscht<\/a><time datetime=\"2022-02-19T19:11:00+01:00\" class=\"wp-block-latest-posts__post-date\">19. Februar 2022<\/time><div class=\"wp-block-latest-posts__post-full-content\"><!-- wp:html -->\n<p class=\"justifyText\">\n<a href=\"https:\/\/renebote.de\/?page_id=1315\">\n<img decoding=\"async\" class=\"blogIllustration\" src=\"https:\/\/renebote.de\/wp-content\/uploads\/2024\/05\/Logo-Wettbewerbsbeitraege.png\">\n<\/a>\nDie erste Runde des Schreibwettbewerbs im Forum B\u00fcchereule im Jahr 2022 ist vorbei. Das vorgegebene Stichwort war diesmal <i>kalt<\/i>. Mein Beitrag \u00fcber das Spannungsfeld zwischen einem Stiefvater, der versucht, der neuen Rolle gerecht zu werden und sich ins Familienleben einzubringen, und seinem Stiefsohn, der eigentlich keinen zus\u00e4tzlichen Antrieb braucht, ist ab sofort bei den <a href=\"https:\/\/renebote.de\/?page_id=1315\">Wettbewerbsbeitr\u00e4gen<\/a> zu finden.\n<\/p>\n<!-- \/wp:html --><\/div><\/li>\n<li><a class=\"wp-block-latest-posts__post-title\" href=\"https:\/\/renebote.de\/?p=1464\">Sweek wird eingestellt &#8211; meine Geschichten bleiben<\/a><time datetime=\"2022-01-23T19:15:00+01:00\" class=\"wp-block-latest-posts__post-date\">23. Januar 2022<\/time><div class=\"wp-block-latest-posts__post-full-content\"><!-- wp:html -->\n<p class=\"justifyText\">\n Seit 2018 habe ich meine Kurz\u00adgeschich\u00adten nicht nur hier auf meiner Web\u00adsite, sondern auch auf der Geschichten\u00adplatt\u00adform <i>Sweek<\/i> vor\u00adge\u00adstellt. Zuletzt gab es dort massive Pro\u00adbleme, ein Teil meiner Ge\u00adschich\u00adten war von der Platt\u00adform ver\u00adschwunden, und der Support reagierte nicht mehr auf Anfragen. Inzwischen hat der Betreiber alle ange\u00admeldeten Nutzer per E-Mail infor\u00admiert, dass die Platt\u00adform im M\u00e4rz 2022 einge\u00adstellt wird.<br \/>\nMeine Geschich\u00adten bleiben nat\u00fcr\u00adlich trotz\u00addem er\u00adhalten. Bis auf Weiteres wird meine Website der einzige Ort sein, an dem sie ver\u00ad\u00f6ffent\u00adlicht werden, ich halte aber die Augen offen, ob es sich an\u00adbietet, sie noch an anderer Stelle ver\u00adf\u00fcgbar zu machen. \n<\/p>\n<!-- \/wp:html --><\/div><\/li>\n<\/ul>","protected":false},"excerpt":{"rendered":"<p>Um die Startseite nicht zu \u00fcberfrachten und \u00e4ltere Beitr\u00e4ge leichter auffindbar zu machen, richte ich jahresweise Archiv-Seiten ein. Auf dieser Seite findest Du die Beitr\u00e4ge aus dem Jahr 2022.<\/p>\n","protected":false},"author":1,"featured_media":0,"parent":0,"menu_order":0,"comment_status":"closed","ping_status":"closed","template":"","meta":{"footnotes":""},"class_list":["post-1422","page","type-page","status-publish","hentry"],"_links":{"self":[{"href":"https:\/\/renebote.de\/index.php?rest_route=\/wp\/v2\/pages\/1422","targetHints":{"allow":["GET"]}}],"collection":[{"href":"https:\/\/renebote.de\/index.php?rest_route=\/wp\/v2\/pages"}],"about":[{"href":"https:\/\/renebote.de\/index.php?rest_route=\/wp\/v2\/types\/page"}],"author":[{"embeddable":true,"href":"https:\/\/renebote.de\/index.php?rest_route=\/wp\/v2\/users\/1"}],"replies":[{"embeddable":true,"href":"https:\/\/renebote.de\/index.php?rest_route=%2Fwp%2Fv2%2Fcomments&post=1422"}],"version-history":[{"count":2,"href":"https:\/\/renebote.de\/index.php?rest_route=\/wp\/v2\/pages\/1422\/revisions"}],"predecessor-version":[{"id":1426,"href":"https:\/\/renebote.de\/index.php?rest_route=\/wp\/v2\/pages\/1422\/revisions\/1426"}],"wp:attachment":[{"href":"https:\/\/renebote.de\/index.php?rest_route=%2Fwp%2Fv2%2Fmedia&parent=1422"}],"curies":[{"name":"wp","href":"https:\/\/api.w.org\/{rel}","templated":true}]}}